{"id":5297,"date":"2022-08-04T07:31:36","date_gmt":"2022-08-04T05:31:36","guid":{"rendered":"https:\/\/climagas.cat\/sala-de-calderas\/"},"modified":"2022-09-23T12:25:52","modified_gmt":"2022-09-23T10:25:52","slug":"sala-de-calderas","status":"publish","type":"page","link":"https:\/\/climagas.cat\/es\/sala-de-calderas\/","title":{"rendered":"Sala de calderas"},"content":{"rendered":"<p>[et_pb_section fb_built=\u00bb1&#8243; admin_label=\u00bbFeature\u00bb _builder_version=\u00bb4.17.6&#8243; _module_preset=\u00bbdefault\u00bb background_enable_color=\u00bboff\u00bb background_image=\u00bbhttp:\/\/climagas.cat\/wp-content\/uploads\/2022\/08\/SALA_CALDERES-scaled.jpg\u00bb hover_enabled=\u00bb0&#8243; global_colors_info=\u00bb{}\u00bb theme_builder_area=\u00bbpost_content\u00bb title_text=\u00bbSALA_CALDERES\u00bb sticky_enabled=\u00bb0&#8243;][et_pb_row column_structure=\u00bb1_2,1_2&#8243; _builder_version=\u00bb4.17.6&#8243; _module_preset=\u00bbdefault\u00bb global_colors_info=\u00bb{}\u00bb theme_builder_area=\u00bbpost_content\u00bb][et_pb_column type=\u00bb1_2&#8243; _builder_version=\u00bb4.16&#8243; _module_preset=\u00bbdefault\u00bb global_colors_info=\u00bb{}\u00bb theme_builder_area=\u00bbpost_content\u00bb][\/et_pb_column][et_pb_column type=\u00bb1_2&#8243; _builder_version=\u00bb4.17.6&#8243; _module_preset=\u00bbdefault\u00bb background_color=\u00bbrgba(255,255,255,0.9)\u00bb custom_padding=\u00bb56px|48px|56px|48px|true|true\u00bb custom_padding_tablet=\u00bb30px|30px|30px|30px|true|true\u00bb custom_padding_phone=\u00bb|20px||20px|false|true\u00bb custom_padding_last_edited=\u00bbon|phone\u00bb global_colors_info=\u00bb{}\u00bb theme_builder_area=\u00bbpost_content\u00bb][et_pb_text _builder_version=\u00bb4.17.6&#8243; _module_preset=\u00bb74811749-f579-4820-9d7c-37769d3a503c\u00bb header_3_font=\u00bb||||||||\u00bb header_3_text_align=\u00bbleft\u00bb header_3_text_color=\u00bb#34332e\u00bb header_3_font_size=\u00bb40px\u00bb header_3_line_height=\u00bb1.3em\u00bb background_color_gradient_start=\u00bbrgba(15,16,25,0.33)\u00bb background_color_gradient_end=\u00bbrgba(19,27,35,0.7)\u00bb header_3_font_size_tablet=\u00bb24px\u00bb header_3_font_size_phone=\u00bb18px\u00bb header_3_font_size_last_edited=\u00bbon|phone\u00bb global_colors_info=\u00bb{}\u00bb theme_builder_area=\u00bbpost_content\u00bb]<\/p>\n<h3>Sala de calderas<\/h3>\n<p>[\/et_pb_text][et_pb_text _builder_version=\u00bb4.17.6&#8243; _module_preset=\u00bbdefault\u00bb global_colors_info=\u00bb{}\u00bb theme_builder_area=\u00bbpost_content\u00bb]<\/p>\n<p>Las salas de calderas son locales t\u00e9cnicos destinados a alojar equipos de producci\u00f3n de calor (calefacci\u00f3n y\/o ACS), en los cuales la suma de la potencia de sus generadores supera los 70 kW.<\/p>\n<p>Disponemos de una dilatada experiencia en el dise\u00f1o, instalaci\u00f3n, mantenimiento y reparaci\u00f3n de Sala de Calderas.<\/p>\n<p>[\/et_pb_text][et_pb_button button_url=\u00bbhttp:\/\/climagas.cat\/index.php\/contacte\/\u00bb button_text=\u00bbsolicitar presupuesto\u00bb _builder_version=\u00bb4.17.6&#8243; custom_button=\u00bbon\u00bb button_text_size=\u00bb14px\u00bb button_text_color=\u00bb#ffffff\u00bb button_bg_use_color_gradient=\u00bbon\u00bb button_bg_color_gradient_direction=\u00bb148deg\u00bb button_bg_color_gradient_stops=\u00bb#f46b6b 0%|#f50000 99%\u00bb button_bg_color_gradient_start=\u00bb#ffb565&#8243; button_bg_color_gradient_end=\u00bb#ff8e60&#8243; button_border_width=\u00bb0px\u00bb button_border_radius=\u00bb100px\u00bb button_letter_spacing=\u00bb2px\u00bb button_font=\u00bb|700||on|||||\u00bb custom_padding=\u00bb15px|34px|15px|34px|true|true\u00bb box_shadow_style=\u00bbpreset3&#8243; box_shadow_vertical=\u00bb10px\u00bb box_shadow_blur=\u00bb30px\u00bb box_shadow_spread=\u00bb-10px\u00bb box_shadow_color=\u00bbrgba(255,142,96,0.39)\u00bb locked=\u00bboff\u00bb global_colors_info=\u00bb{}\u00bb box_shadow_color__hover=\u00bb#2585b2&#8243; box_shadow_blur__hover_enabled=\u00bboff\u00bb box_shadow_blur__hover=\u00bb20px\u00bb box_shadow_vertical__hover_enabled=\u00bboff\u00bb box_shadow_vertical__hover=\u00bb10px\u00bb theme_builder_area=\u00bbpost_content\u00bb][\/et_pb_button][\/et_pb_column][\/et_pb_row][\/et_pb_section]<\/p>\n","protected":false},"excerpt":{"rendered":"<p>Sala de calderasLas salas de calderas son locales t\u00e9cnicos destinados a alojar equipos de producci\u00f3n de calor (calefacci\u00f3n y\/o ACS), en los cuales la suma de la potencia de sus generadores supera los 70 kW. Disponemos de una dilatada experiencia en el dise\u00f1o, instalaci\u00f3n, mantenimiento y reparaci\u00f3n de Sala de Calderas.<\/p>\n","protected":false},"author":5,"featured_media":0,"parent":0,"menu_order":0,"comment_status":"closed","ping_status":"closed","template":"","meta":{"_et_pb_use_builder":"on","_et_pb_old_content":"","_et_gb_content_width":""},"_links":{"self":[{"href":"https:\/\/climagas.cat\/es\/wp-json\/wp\/v2\/pages\/5297"}],"collection":[{"href":"https:\/\/climagas.cat\/es\/wp-json\/wp\/v2\/pages"}],"about":[{"href":"https:\/\/climagas.cat\/es\/wp-json\/wp\/v2\/types\/page"}],"author":[{"embeddable":true,"href":"https:\/\/climagas.cat\/es\/wp-json\/wp\/v2\/users\/5"}],"replies":[{"embeddable":true,"href":"https:\/\/climagas.cat\/es\/wp-json\/wp\/v2\/comments?post=5297"}],"version-history":[{"count":4,"href":"https:\/\/climagas.cat\/es\/wp-json\/wp\/v2\/pages\/5297\/revisions"}],"predecessor-version":[{"id":5301,"href":"https:\/\/climagas.cat\/es\/wp-json\/wp\/v2\/pages\/5297\/revisions\/5301"}],"wp:attachment":[{"href":"https:\/\/climagas.cat\/es\/wp-json\/wp\/v2\/media?parent=5297"}],"curies":[{"name":"wp","href":"https:\/\/api.w.org\/{rel}","templated":true}]}}